{"id":1294,"date":"2020-05-25T08:34:00","date_gmt":"2020-05-25T08:34:00","guid":{"rendered":"https:\/\/vegathemes.net\/beauty-center\/main\/?page_id=15"},"modified":"2021-08-31T11:41:44","modified_gmt":"2021-08-31T08:41:44","slug":"homepage","status":"publish","type":"page","link":"http:\/\/www.alibeykoyestetik.com\/","title":{"rendered":"ANASAYFA"},"content":{"rendered":"\n<div class=\"wp-block-smart-gutenberg-blocks-block-smart-gutengerb-slider swiper-container sg-slider\" id=\"slide92\" data-smart-slider-autoplay=\"false\" data-smart-slider-speed=\"500\" data-smart-slider-delay=\"5000\" data-smart-slider-loop=\"false\" data-smart-slider-effect=\"slide\" data-smart-slider-pagination=\"true\" data-smart-slider-navigation=\"true\"><div class=\"swiper-wrapper\"><div class=\"swiper-slide sg-slider__slide\"><span class=\"sg-slider__index\" style=\"display:none\">1<\/span><img class=\"sg-slider__image\" src=\"http:\/\/www.alibeykoyestetik.com\/wp-content\/uploads\/2021\/08\/iStock-504376198.jpg\"\/><div class=\"sg-slider__caption\"><h2 class=\"sg-slider__text\">Lazer Epilasyon<\/h2><p class=\"sg-slider__description\">V\u00fccuttaki istenmeyen t\u00fcylerden kal\u0131c\u0131 olarak kurtulma y\u00f6ntemi olan lazer epilasyon hakk\u0131nda bilmen gereken her \u015feyi bir araya getirdik!<\/p><div class=\"sg-slider__button\"><a class=\"sg-slider__link\" href=\"http:\/\/www.alibeykoyestetik.com\/index.php\/epilasyon\/\">DEVAMI<\/a><\/div><\/div><\/div><div class=\"swiper-slide sg-slider__slide\"><span class=\"sg-slider__index\" style=\"display:none\">0<\/span><img class=\"sg-slider__image\" src=\"http:\/\/www.alibeykoyestetik.com\/wp-content\/uploads\/2021\/08\/iStock-864498176.jpg\"\/><div class=\"sg-slider__caption\"><h2 class=\"sg-slider__text\">Kal\u0131c\u0131 Makyaj<\/h2><p class=\"sg-slider__description\">Kal\u0131c\u0131 makyaj veya daha do\u011fru ismiyle \u201cmikro-pigment uygulamas\u0131\u201d mikro, steril ve tek kullan\u0131ml\u0131k bir i\u011fne ile do\u011fal ve mineral renklerin deri y\u00fczeyinin hemen alt\u0131na a\u015f\u0131lanmas\u0131 i\u015flemidir. <\/p><div class=\"sg-slider__button\"><a class=\"sg-slider__link\" href=\"http:\/\/www.alibeykoyestetik.com\/index.php\/kalici-makyaj\/\">DEVAMI<\/a><\/div><\/div><\/div><div class=\"swiper-slide sg-slider__slide\"><span class=\"sg-slider__index\" style=\"display:none\">2<\/span><img class=\"sg-slider__image\" src=\"http:\/\/www.alibeykoyestetik.com\/wp-content\/uploads\/2021\/08\/iStock-921797424.jpg\"\/><div class=\"sg-slider__caption\"><h2 class=\"sg-slider__text\">Cilt Bak\u0131m\u0131<\/h2><p class=\"sg-slider__description\">Cilt g\u00fczelli\u011fine d\u00fc\u015fk\u00fcn ki\u015filer eminiz medikal cilt bak\u0131m\u0131n\u0131n ne oldu\u011funu \u00e7ok iyi biliyorlar. Profesyonel cilt bak\u0131m\u0131, cildimize uygun cilt bak\u0131m \u00fcr\u00fcnleriyle yap\u0131lan bir i\u015flem.<\/p><div class=\"sg-slider__button\"><a class=\"sg-slider__link\" href=\"http:\/\/www.alibeykoyestetik.com\/index.php\/cilt-bakimi\/\">DEVAMI<\/a><\/div><\/div><\/div><\/div><div class=\"sg-slider__pagination\"><\/div><div class=\"sg-slider__prev\"><\/div><div class=\"sg-slider__next\"><\/div><\/div>\n\n\n\n<div class=\"wp-block-smart-gutenberg-blocks-block-smart-gutengerb-imagetext sg-imagetext sg-imagetext--style1\"><div class=\"sg-imagetext__inner\"><div class=\"sg-imagetext__image\"><img src=\"http:\/\/www.alibeykoyestetik.com\/wp-content\/uploads\/2021\/08\/12-1.png\"\/><span><\/span><\/div><div class=\"sg-imagetext__content\"><h2 class=\"sg-imagetext__title\">Hakk\u0131m\u0131zda<\/h2><div class=\"sg-imagetext__text\"><p>\u0130stenmeyen t\u00fcylerden kurtulmak; hem s\u0131k s\u0131k tekrarlanmak zorunda olan, hem de zahmetli ve genelde ac\u0131 veren bir prosed\u00fcr oldu\u011fundan bir\u00e7ok ki\u015fi bu durumdan olduk\u00e7a \u015fikayet\u00e7idir. Bu nedenle, sorunu \u00e7\u00f6zmek i\u00e7in bir\u00e7ok \u00fcr\u00fcn ve y\u00f6ntem ortaya \u00e7\u0131km\u0131\u015ft\u0131r. Bunlar i\u00e7erisinde ki\u015fiye en iyi \u00e7\u00f6z\u00fcm\u00fc sunan y\u00f6ntem lazer epilasyondur. Lazer epilasyon, t\u00fcy k\u00f6klerine n\u00fcfuz etmek i\u00e7in yo\u011funla\u015ft\u0131r\u0131lm\u0131\u015f \u0131\u015f\u0131nlar kullanan bir tekniktir. I\u015f\u0131n, folik\u00fcller i\u00e7indeki renk veren melanin taraf\u0131ndan emilir ve onlar\u0131n i\u00e7indeki t\u00fcyleri yok eder. Lazer epilasyon, en s\u0131k kullan\u0131lan kozmetik i\u015flemler aras\u0131nda yer almaktad\u0131r.<\/p><\/div><div class=\"sg-imagetext__button\"><a class=\"sg-imagetext__link\" href=\"http:\/\/www.alibeykoyestetik.com\/index.php\/hakkimizda\/\">DEVAMI<\/a><\/div><\/div><\/div><\/div>\n\n\n\n<h2 class=\"has-text-align-center\">H\u0130ZMETLER<\/h2>\n\n\n\n<div class=\"wp-block-smart-gutenberg-blocks-block-smart-gutengerb-features sg-features sg-features--3 sg-features--style1\" id=\"feature27\" data-smart-feature-gutter=\"40\" data-smart-feature-bgutter=\"0\"><div class=\"sg-features__inner\"><div class=\"sg-feature\"><span class=\"sg-feature__index\" style=\"display:none\">0<\/span><div class=\"sg-feature__image\"><img src=\"http:\/\/www.alibeykoyestetik.com\/wp-content\/uploads\/2021\/08\/igneli-epilasyon.jpg\"\/><span><\/span><\/div><div class=\"sg-feature__details\"><h3 class=\"sg-feature__title\">\u0130\u011fneli Epilasyon<\/h3><div class=\"sg-feature__text\"><p>\u0130\u011fneli epilasyon ak\u0131mla \u00e7al\u0131\u015f\u0131lan bir y\u00f6ntemdir. K\u0131l kanallar\u0131ndan g\u00f6nderilen ak\u0131m k\u0131l h\u00fccresinin yok olmas\u0131n\u0131 sa\u011flar. <\/p><\/div><div class=\"sg-feature__button\"><a class=\"sg-feature__link\" href=\"http:\/\/www.alibeykoyestetik.com\/index.php\/igneli-epilasyon\/\">DEVAMI<\/a><\/div><\/div><\/div><div class=\"sg-feature\"><span class=\"sg-feature__index\" style=\"display:none\">1<\/span><div class=\"sg-feature__image\"><img src=\"http:\/\/www.alibeykoyestetik.com\/wp-content\/uploads\/2021\/08\/leke-tedavi.png\"\/><span><\/span><\/div><div class=\"sg-feature__details\"><h3 class=\"sg-feature__title\">Leke Bak\u0131m\u0131<\/h3><div class=\"sg-feature__text\"><p>Melaninin anormal y\u00fcksek miktarlarda belli b\u00f6lgelerde toplanarak cilt lekeleri olu\u015fturmas\u0131 \u00e7e\u015fitli sebeplerden kaynaklan\u0131r.<\/p><\/div><div class=\"sg-feature__button\"><a class=\"sg-feature__link\" href=\"http:\/\/www.alibeykoyestetik.com\/index.php\/leke-tedavisi\/\">DEVAMI<\/a><\/div><\/div><\/div><div class=\"sg-feature\"><span class=\"sg-feature__index\" style=\"display:none\">2<\/span><div class=\"sg-feature__image\"><img src=\"http:\/\/www.alibeykoyestetik.com\/wp-content\/uploads\/2021\/08\/microblading.png\"\/><span><\/span><\/div><div class=\"sg-feature__details\"><h3 class=\"sg-feature__title\">Microblading<\/h3><div class=\"sg-feature__text\"><p>Ka\u015flar t\u0131pk\u0131 sa\u00e7lar\u0131m\u0131z gibi genetik etkenler ve \u00e7evresel fakt\u00f6rlere ba\u011fl\u0131 olarak de\u011fi\u015fiklik g\u00f6stermektedir. <\/p><\/div><div class=\"sg-feature__button\"><a class=\"sg-feature__link\" href=\"http:\/\/www.alibeykoyestetik.com\/index.php\/microblading\/\">DEVAMI<\/a><\/div><\/div><\/div><\/div><\/div>\n\n\n\n<div class=\"wp-block-smart-gutenberg-blocks-block-smart-gutengerb-features sg-features sg-features--3 sg-features--style1\" id=\"feature27\" data-smart-feature-gutter=\"40\" data-smart-feature-bgutter=\"0\"><div class=\"sg-features__inner\"><div class=\"sg-feature\"><span class=\"sg-feature__index\" style=\"display:none\">0<\/span><div class=\"sg-feature__image\"><img src=\"http:\/\/www.alibeykoyestetik.com\/wp-content\/uploads\/2021\/08\/hydrafacial.png\"\/><span><\/span><\/div><div class=\"sg-feature__details\"><h3 class=\"sg-feature__title\">Hydrafacial<\/h3><div class=\"sg-feature__text\"><p>\u00d6zel geli\u015ftirilmi\u015f Vortex teknolojisiyle cildinize ilk olarak \u00f6zel serum p\u00fcsk\u00fcrt\u00fcl\u00fcr. Ard\u0131ndan vakumlama y\u00f6ntemiyle &#8230;<\/p><\/div><div class=\"sg-feature__button\"><a class=\"sg-feature__link\" href=\"http:\/\/www.alibeykoyestetik.com\/index.php\/hydrafacial-cilt-bakimi\/\">DEVAMI<\/a><\/div><\/div><\/div><div class=\"sg-feature\"><span class=\"sg-feature__index\" style=\"display:none\">1<\/span><div class=\"sg-feature__image\"><img src=\"http:\/\/www.alibeykoyestetik.com\/wp-content\/uploads\/2021\/08\/kalici-makyaj-1.png\"\/><span><\/span><\/div><div class=\"sg-feature__details\"><h3 class=\"sg-feature__title\">Kal\u0131c\u0131 Makyaj<\/h3><div class=\"sg-feature__text\"><p>Kal\u0131c\u0131 makyaj veya daha do\u011fru ismiyle \u201cmikro-pigment uygulamas\u0131\u201d mikro, steril ve tek kullan\u0131ml\u0131k bir i\u011fne ile do\u011fal ve mineral renklerin deri y\u00fczeyinin&#8230;<\/p><\/div><div class=\"sg-feature__button\"><a class=\"sg-feature__link\" href=\"http:\/\/www.alibeykoyestetik.com\/index.php\/kalici-makyaj\/\">DEVAMI<\/a><\/div><\/div><\/div><div class=\"sg-feature\"><span class=\"sg-feature__index\" style=\"display:none\">2<\/span><div class=\"sg-feature__image\"><img src=\"http:\/\/www.alibeykoyestetik.com\/wp-content\/uploads\/2021\/08\/kirpik-liftingi.png\"\/><span><\/span><\/div><div class=\"sg-feature__details\"><h3 class=\"sg-feature__title\">Kirpik Liftingi<\/h3><div class=\"sg-feature__text\"><p> D\u00fcz kirpiklere sahip olanlar\u0131n s\u0131k tercih etti\u011fi bu uygulama, kirpiklere s\u00fcr\u00fclen baz\u0131 kimyasal sol\u00fcsyonlar ile uzun s\u00fcreli kalk\u0131kl\u0131k&#8230;<\/p><\/div><div class=\"sg-feature__button\"><a class=\"sg-feature__link\" href=\"http:\/\/www.alibeykoyestetik.com\/index.php\/kirpik-liftingi\/\">DEVAMI<\/a><\/div><\/div><\/div><\/div><\/div>\n\n\n\n<div class=\"wp-block-smart-gutenberg-blocks-block-smart-gutengerb-features sg-features sg-features--3 sg-features--style1\" id=\"feature27\" data-smart-feature-gutter=\"40\" data-smart-feature-bgutter=\"0\"><div class=\"sg-features__inner\"><div class=\"sg-feature\"><span class=\"sg-feature__index\" style=\"display:none\">0<\/span><div class=\"sg-feature__image\"><img src=\"http:\/\/www.alibeykoyestetik.com\/wp-content\/uploads\/2021\/08\/somon-dna.png\"\/><span><\/span><\/div><div class=\"sg-feature__details\"><h3 class=\"sg-feature__title\">Somon DNA<\/h3><div class=\"sg-feature__text\"><p>Saf hyal\u00fcronik asit ve somon bal\u0131\u011f\u0131 spermlerinden elde edilen DNA molek\u00fcllerinin, ciltte h\u00fccre tazeleme amac\u0131yla kullan\u0131ld\u0131\u011f\u0131 cilt&#8230;<\/p><\/div><div class=\"sg-feature__button\"><a class=\"sg-feature__link\" href=\"http:\/\/www.alibeykoyestetik.com\/index.php\/somon-dna\/\">DEVAMI<\/a><\/div><\/div><\/div><div class=\"sg-feature\"><span class=\"sg-feature__index\" style=\"display:none\">1<\/span><div class=\"sg-feature__image\"><img src=\"http:\/\/www.alibeykoyestetik.com\/wp-content\/uploads\/2021\/08\/cilt-bakimi.png\"\/><span><\/span><\/div><div class=\"sg-feature__details\"><h3 class=\"sg-feature__title\">Cilt Bak\u0131m\u0131<\/h3><div class=\"sg-feature__text\"><p>Cilt g\u00fczelli\u011fine d\u00fc\u015fk\u00fcn ki\u015filer eminiz medikal cilt bak\u0131m\u0131n\u0131n ne oldu\u011funu \u00e7ok iyi biliyorlar. Profesyonel cilt bak\u0131m\u0131, cildimize uygun cilt bak\u0131m&#8230;<\/p><\/div><div class=\"sg-feature__button\"><a class=\"sg-feature__link\" href=\"http:\/\/www.alibeykoyestetik.com\/index.php\/cilt-bakimi\/\">DEVAMI<\/a><\/div><\/div><\/div><div class=\"sg-feature\"><span class=\"sg-feature__index\" style=\"display:none\">2<\/span><div class=\"sg-feature__image\"><img src=\"http:\/\/www.alibeykoyestetik.com\/wp-content\/uploads\/2021\/08\/lazer.png\"\/><span><\/span><\/div><div class=\"sg-feature__details\"><h3 class=\"sg-feature__title\">Epilasyon<\/h3><div class=\"sg-feature__text\"><p>Klasik lazer epilasyonda minik yanma hissi olu\u015fabiliyor. Ac\u0131ma hissi uygulama yap\u0131lan b\u00f6lgenin hassasiyetine g\u00f6re de\u011fi\u015fiyor. <\/p><\/div><div class=\"sg-feature__button\"><a class=\"sg-feature__link\" href=\"http:\/\/www.alibeykoyestetik.com\/index.php\/epilasyon\/\">DEVAMI<\/a><\/div><\/div><\/div><\/div><\/div>\n\n\n\n<h2 class=\"has-text-align-center\">\u0130leti\u015fim<\/h2>\n\n\n<p><iframe loading=\"lazy\" style=\"border: 0;\" src=\"https:\/\/www.google.com\/maps\/embed?pb=!1m18!1m12!1m3!1d48127.59717509432!2d28.92814621292571!3d41.06954297204709!2m3!1f0!2f0!3f0!3m2!1i1024!2i768!4f13.1!3m3!1m2!1s0x14cab13f1bf8b7bd%3A0xcab1e597181cb2b6!2zQUzEsEJFWUvDllkgRVDEsExBU1lPTg!5e0!3m2!1sen!2str!4v1630244340433!5m2!1sen!2str\" width=\"100%\" allowfullscreen=\"allowfullscreen\"><\/iframe><\/p>\n\n\n<h2 class=\"has-text-align-center\"><code>\r\n<div id=\"sb_instagram\"  class=\"sbi sbi_mob_col_1 sbi_tab_col_2 sbi_col_1 sbi_width_resp\" style=\"padding-bottom: 10px;width: 100%;\" data-feedid=\"sbi_17841407759541497#4\"  data-res=\"auto\" data-cols=\"1\" data-colsmobile=\"1\" data-colstablet=\"2\" data-num=\"4\" data-nummobile=\"\" data-shortcode-atts=\"{&quot;num&quot;:&quot;4&quot;,&quot;cols&quot;:&quot;4&quot;}\"  data-postid=\"1294\" data-locatornonce=\"879286f47c\" data-sbi-flags=\"favorLocal\">\r\n\t\r\n    <div id=\"sbi_images\"  style=\"padding: 5px;\">\r\n\t\t    <\/div>\r\n\r\n\t<div id=\"sbi_load\" >\r\n\r\n\t\r\n\t\t\t<span class=\"sbi_follow_btn\">\r\n        <a href=\"https:\/\/www.instagram.com\/alibeykoylazer\/\" target=\"_blank\" rel=\"nofollow noopener\">\r\n            <svg class=\"svg-inline--fa fa-instagram fa-w-14\" aria-hidden=\"true\" data-fa-processed=\"\" aria-label=\"Instagram\" data-prefix=\"fab\" data-icon=\"instagram\" role=\"img\" viewBox=\"0 0 448 512\">\n\t                <path fill=\"currentColor\" d=\"M224.1 141c-63.6 0-114.9 51.3-114.9 114.9s51.3 114.9 114.9 114.9S339 319.5 339 255.9 287.7 141 224.1 141zm0 189.6c-41.1 0-74.7-33.5-74.7-74.7s33.5-74.7 74.7-74.7 74.7 33.5 74.7 74.7-33.6 74.7-74.7 74.7zm146.4-194.3c0 14.9-12 26.8-26.8 26.8-14.9 0-26.8-12-26.8-26.8s12-26.8 26.8-26.8 26.8 12 26.8 26.8zm76.1 27.2c-1.7-35.9-9.9-67.7-36.2-93.9-26.2-26.2-58-34.4-93.9-36.2-37-2.1-147.9-2.1-184.9 0-35.8 1.7-67.6 9.9-93.9 36.1s-34.4 58-36.2 93.9c-2.1 37-2.1 147.9 0 184.9 1.7 35.9 9.9 67.7 36.2 93.9s58 34.4 93.9 36.2c37 2.1 147.9 2.1 184.9 0 35.9-1.7 67.7-9.9 93.9-36.2 26.2-26.2 34.4-58 36.2-93.9 2.1-37 2.1-147.8 0-184.8zM398.8 388c-7.8 19.6-22.9 34.7-42.6 42.6-29.5 11.7-99.5 9-132.1 9s-102.7 2.6-132.1-9c-19.6-7.8-34.7-22.9-42.6-42.6-11.7-29.5-9-99.5-9-132.1s-2.6-102.7 9-132.1c7.8-19.6 22.9-34.7 42.6-42.6 29.5-11.7 99.5-9 132.1-9s102.7-2.6 132.1 9c19.6 7.8 34.7 22.9 42.6 42.6 11.7 29.5 9 99.5 9 132.1s2.7 102.7-9 132.1z\"><\/path>\n\t            <\/svg>            <span>Takip Edin<\/span>\r\n        <\/a>\r\n    <\/span>\r\n\t\r\n<\/div>\r\n\r\n\t    <span class=\"sbi_resized_image_data\" data-feed-id=\"sbi_17841407759541497#4\" data-resized=\"[]\">\n\t<\/span>\n\t<\/div>\r\n\r\n<\/code><\/h2>\n","protected":false},"excerpt":{"rendered":"<p>1 Lazer Epilasyon V\u00fccuttaki istenmeyen t\u00fcylerden kal\u0131c\u0131 olarak kurtulma y\u00f6ntemi olan lazer epilasyon hakk\u0131nda bilmen gereken her \u015feyi bir araya getirdik! DEVAMI 0 Kal\u0131c\u0131 Makyaj Kal\u0131c\u0131 makyaj veya daha do\u011fru ismiyle \u201cmikro-pigment uygulamas\u0131\u201d mikro, steril ve tek kullan\u0131ml\u0131k bir i\u011fne ile do\u011fal ve mineral renklerin deri y\u00fczeyinin hemen alt\u0131na a\u015f\u0131lanmas\u0131 i\u015flemidir. DEVAMI 2 Cilt Bak\u0131m\u0131 [&hellip;]<\/p>\n","protected":false},"author":1,"featured_media":0,"parent":0,"menu_order":0,"comment_status":"closed","ping_status":"closed","template":"page-home.php","meta":[],"yoast_head":"<!-- This site is optimized with the Yoast SEO plugin v18.6 - https:\/\/yoast.com\/wordpress\/plugins\/seo\/ -->\n<title>ANASAYFA - Alibeyk\u00f6y Estetik<\/title>\n<meta name=\"robots\" content=\"index, follow, max-snippet:-1, max-image-preview:large, max-video-preview:-1\" \/>\n<link rel=\"canonical\" href=\"http:\/\/www.alibeykoyestetik.com\/\" \/>\n<meta property=\"og:locale\" content=\"tr_TR\" \/>\n<meta property=\"og:type\" content=\"article\" \/>\n<meta property=\"og:title\" content=\"ANASAYFA - Alibeyk\u00f6y Estetik\" \/>\n<meta property=\"og:description\" content=\"1 Lazer Epilasyon V\u00fccuttaki istenmeyen t\u00fcylerden kal\u0131c\u0131 olarak kurtulma y\u00f6ntemi olan lazer epilasyon hakk\u0131nda bilmen gereken her \u015feyi bir araya getirdik! DEVAMI 0 Kal\u0131c\u0131 Makyaj Kal\u0131c\u0131 makyaj veya daha do\u011fru ismiyle \u201cmikro-pigment uygulamas\u0131\u201d mikro, steril ve tek kullan\u0131ml\u0131k bir i\u011fne ile do\u011fal ve mineral renklerin deri y\u00fczeyinin hemen alt\u0131na a\u015f\u0131lanmas\u0131 i\u015flemidir. DEVAMI 2 Cilt Bak\u0131m\u0131 [&hellip;]\" \/>\n<meta property=\"og:url\" content=\"http:\/\/www.alibeykoyestetik.com\/\" \/>\n<meta property=\"og:site_name\" content=\"Alibeyk\u00f6y Estetik\" \/>\n<meta property=\"article:modified_time\" content=\"2021-08-31T08:41:44+00:00\" \/>\n<meta property=\"og:image\" content=\"http:\/\/www.alibeykoyestetik.com\/wp-content\/uploads\/2021\/08\/iStock-504376198.jpg\" \/>\n<meta name=\"twitter:card\" content=\"summary_large_image\" \/>\n<meta name=\"twitter:label1\" content=\"Tahmini okuma s\u00fcresi\" \/>\n\t<meta name=\"twitter:data1\" content=\"5 dakika\" \/>\n<script type=\"application\/ld+json\" class=\"yoast-schema-graph\">{\"@context\":\"https:\/\/schema.org\",\"@graph\":[{\"@type\":\"WebSite\",\"@id\":\"http:\/\/www.alibeykoyestetik.com\/#website\",\"url\":\"http:\/\/www.alibeykoyestetik.com\/\",\"name\":\"Alibeyk\u00f6y Estetik\",\"description\":\"\",\"potentialAction\":[{\"@type\":\"SearchAction\",\"target\":{\"@type\":\"EntryPoint\",\"urlTemplate\":\"http:\/\/www.alibeykoyestetik.com\/?s={search_term_string}\"},\"query-input\":\"required name=search_term_string\"}],\"inLanguage\":\"tr\"},{\"@type\":\"ImageObject\",\"@id\":\"http:\/\/www.alibeykoyestetik.com\/#primaryimage\",\"inLanguage\":\"tr\",\"url\":\"http:\/\/www.alibeykoyestetik.com\/wp-content\/uploads\/2021\/08\/iStock-504376198.jpg\",\"contentUrl\":\"http:\/\/www.alibeykoyestetik.com\/wp-content\/uploads\/2021\/08\/iStock-504376198.jpg\",\"width\":2121,\"height\":1414},{\"@type\":\"WebPage\",\"@id\":\"http:\/\/www.alibeykoyestetik.com\/#webpage\",\"url\":\"http:\/\/www.alibeykoyestetik.com\/\",\"name\":\"ANASAYFA - Alibeyk\u00f6y Estetik\",\"isPartOf\":{\"@id\":\"http:\/\/www.alibeykoyestetik.com\/#website\"},\"primaryImageOfPage\":{\"@id\":\"http:\/\/www.alibeykoyestetik.com\/#primaryimage\"},\"datePublished\":\"2020-05-25T08:34:00+00:00\",\"dateModified\":\"2021-08-31T08:41:44+00:00\",\"breadcrumb\":{\"@id\":\"http:\/\/www.alibeykoyestetik.com\/#breadcrumb\"},\"inLanguage\":\"tr\",\"potentialAction\":[{\"@type\":\"ReadAction\",\"target\":[\"http:\/\/www.alibeykoyestetik.com\/\"]}]},{\"@type\":\"BreadcrumbList\",\"@id\":\"http:\/\/www.alibeykoyestetik.com\/#breadcrumb\",\"itemListElement\":[{\"@type\":\"ListItem\",\"position\":1,\"name\":\"Anasayfa\",\"item\":\"http:\/\/www.alibeykoyestetik.com\/\"},{\"@type\":\"ListItem\",\"position\":2,\"name\":\"ANASAYFA\"}]}]}<\/script>\n<!-- \/ Yoast SEO plugin. -->","yoast_head_json":{"title":"ANASAYFA - Alibeyk\u00f6y Estetik","robots":{"index":"index","follow":"follow","max-snippet":"max-snippet:-1","max-image-preview":"max-image-preview:large","max-video-preview":"max-video-preview:-1"},"canonical":"http:\/\/www.alibeykoyestetik.com\/","og_locale":"tr_TR","og_type":"article","og_title":"ANASAYFA - Alibeyk\u00f6y Estetik","og_description":"1 Lazer Epilasyon V\u00fccuttaki istenmeyen t\u00fcylerden kal\u0131c\u0131 olarak kurtulma y\u00f6ntemi olan lazer epilasyon hakk\u0131nda bilmen gereken her \u015feyi bir araya getirdik! DEVAMI 0 Kal\u0131c\u0131 Makyaj Kal\u0131c\u0131 makyaj veya daha do\u011fru ismiyle \u201cmikro-pigment uygulamas\u0131\u201d mikro, steril ve tek kullan\u0131ml\u0131k bir i\u011fne ile do\u011fal ve mineral renklerin deri y\u00fczeyinin hemen alt\u0131na a\u015f\u0131lanmas\u0131 i\u015flemidir. DEVAMI 2 Cilt Bak\u0131m\u0131 [&hellip;]","og_url":"http:\/\/www.alibeykoyestetik.com\/","og_site_name":"Alibeyk\u00f6y Estetik","article_modified_time":"2021-08-31T08:41:44+00:00","og_image":[{"url":"http:\/\/www.alibeykoyestetik.com\/wp-content\/uploads\/2021\/08\/iStock-504376198.jpg"}],"twitter_card":"summary_large_image","twitter_misc":{"Tahmini okuma s\u00fcresi":"5 dakika"},"schema":{"@context":"https:\/\/schema.org","@graph":[{"@type":"WebSite","@id":"http:\/\/www.alibeykoyestetik.com\/#website","url":"http:\/\/www.alibeykoyestetik.com\/","name":"Alibeyk\u00f6y Estetik","description":"","potentialAction":[{"@type":"SearchAction","target":{"@type":"EntryPoint","urlTemplate":"http:\/\/www.alibeykoyestetik.com\/?s={search_term_string}"},"query-input":"required name=search_term_string"}],"inLanguage":"tr"},{"@type":"ImageObject","@id":"http:\/\/www.alibeykoyestetik.com\/#primaryimage","inLanguage":"tr","url":"http:\/\/www.alibeykoyestetik.com\/wp-content\/uploads\/2021\/08\/iStock-504376198.jpg","contentUrl":"http:\/\/www.alibeykoyestetik.com\/wp-content\/uploads\/2021\/08\/iStock-504376198.jpg","width":2121,"height":1414},{"@type":"WebPage","@id":"http:\/\/www.alibeykoyestetik.com\/#webpage","url":"http:\/\/www.alibeykoyestetik.com\/","name":"ANASAYFA - Alibeyk\u00f6y Estetik","isPartOf":{"@id":"http:\/\/www.alibeykoyestetik.com\/#website"},"primaryImageOfPage":{"@id":"http:\/\/www.alibeykoyestetik.com\/#primaryimage"},"datePublished":"2020-05-25T08:34:00+00:00","dateModified":"2021-08-31T08:41:44+00:00","breadcrumb":{"@id":"http:\/\/www.alibeykoyestetik.com\/#breadcrumb"},"inLanguage":"tr","potentialAction":[{"@type":"ReadAction","target":["http:\/\/www.alibeykoyestetik.com\/"]}]},{"@type":"BreadcrumbList","@id":"http:\/\/www.alibeykoyestetik.com\/#breadcrumb","itemListElement":[{"@type":"ListItem","position":1,"name":"Anasayfa","item":"http:\/\/www.alibeykoyestetik.com\/"},{"@type":"ListItem","position":2,"name":"ANASAYFA"}]}]}},"_links":{"self":[{"href":"http:\/\/www.alibeykoyestetik.com\/index.php\/wp-json\/wp\/v2\/pages\/1294"}],"collection":[{"href":"http:\/\/www.alibeykoyestetik.com\/index.php\/wp-json\/wp\/v2\/pages"}],"about":[{"href":"http:\/\/www.alibeykoyestetik.com\/index.php\/wp-json\/wp\/v2\/types\/page"}],"author":[{"embeddable":true,"href":"http:\/\/www.alibeykoyestetik.com\/index.php\/wp-json\/wp\/v2\/users\/1"}],"replies":[{"embeddable":true,"href":"http:\/\/www.alibeykoyestetik.com\/index.php\/wp-json\/wp\/v2\/comments?post=1294"}],"version-history":[{"count":73,"href":"http:\/\/www.alibeykoyestetik.com\/index.php\/wp-json\/wp\/v2\/pages\/1294\/revisions"}],"predecessor-version":[{"id":1517,"href":"http:\/\/www.alibeykoyestetik.com\/index.php\/wp-json\/wp\/v2\/pages\/1294\/revisions\/1517"}],"wp:attachment":[{"href":"http:\/\/www.alibeykoyestetik.com\/index.php\/wp-json\/wp\/v2\/media?parent=1294"}],"curies":[{"name":"wp","href":"https:\/\/api.w.org\/{rel}","templated":true}]}}